{"id":255,"date":"2018-12-26T17:40:00","date_gmt":"2018-12-26T17:40:00","guid":{"rendered":"http:\/\/bevaraminnen.se\/obh\/?page_id=255"},"modified":"2024-04-14T10:33:13","modified_gmt":"2024-04-14T10:33:13","slug":"medlemsbladet","status":"publish","type":"page","link":"https:\/\/bevaraminnen.se\/obh\/medlemsbladet\/","title":{"rendered":"Medlemsbladet"},"content":{"rendered":"<p><a href=\"https:\/\/www.bevaraminnen.se\/hembygdsforskning\/ostra-blekinge-hembygdsforenings-medlemsblad\/\" target=\"_blank\" rel=\"noopener\"><img loading=\"lazy\" decoding=\"async\" class=\"alignright size-medium wp-image-2172\" src=\"https:\/\/bevaraminnen.se\/obh\/wp-content\/uploads\/2022\/09\/Tidningar-001-259x300.jpg\" alt=\"\" width=\"259\" height=\"300\" srcset=\"https:\/\/bevaraminnen.se\/obh\/wp-content\/uploads\/2022\/09\/Tidningar-001-259x300.jpg 259w, https:\/\/bevaraminnen.se\/obh\/wp-content\/uploads\/2022\/09\/Tidningar-001.jpg 300w\" sizes=\"auto, (max-width: 259px) 100vw, 259px\" \/><\/a>Nedan finns kortfattad inneh\u00e5llsf\u00f6rteckning \u00f6ver de artiklar som varit publicerade i v\u00e5ra medlemsblad.<\/p>\n<p><strong>2018 \u00e5rg\u00e5ng 45<\/strong><\/p>\n<p>Nr 1<br \/>\nPredikanten Henrik Olssons orgel (Roland Andersson)<br \/>\nPresentation av Karin Hildingsson<br \/>\nSpo\u0308ket i Ramdala (Katarina Olsson)<br \/>\nFarfar var stenrik (Gunnar Torestro\u0308m)<br \/>\nSla\u0308kt + Hembygd = sant! (Sara Ro\u0308ne\u0301r Janicke)<br \/>\nKalabaliken i Lo\u0308vhagen (Roland Andersson)<br \/>\nNr 2<br \/>\nProgram<br \/>\nBilder fr\u00e5n Oscar M\u00e5nssons bildarkiv<\/p>\n<p>Nr 3<br \/>\nSkra\u0308ddaren i Torhamn (A\u030ake Sandahl)<br \/>\nEster Andersson &#8211; da\u030atidens festfixare (Elin Sjo\u0308stro\u0308m)<br \/>\nMord i Torhamn (Kjell Hult)<br \/>\nRamdala kyrka under 1000 a\u030ar (Sven-Bertil O\u0308stensson)<br \/>\nStor brand i va\u030art na\u0308romra\u030ade (Roland Andersson)<br \/>\nNr 4<br \/>\nJemj\u00f6 Skjutsstation 150 \u00e5r 1868-2018<\/p>\n<p><strong>2017 \u00e5rg\u00e5ng 44<\/strong><\/p>\n<p>Nr 1<br \/>\nVinberga baptistkapell (Sven-Erik Olsson)<br \/>\n\u00d6BH p\u00e5 Internet-Bygdeband och Facebook (Sara R\u00f6n\u00e9r Janicke)<br \/>\nFlytta till en annan socken p\u00e5 1800-talet (Kjell Hult)<br \/>\nNr2<br \/>\nProgram 2017<br \/>\nReportage J\u00e4rk\u00f6<\/p>\n<p>Nr 3<br \/>\nKrejsa Sven \u2013 tjuven fr\u00e5n Ramdala (Karin Hildingsson)<br \/>\nV\u00e5ld och mordf\u00f6rs\u00f6k p\u00e5 1800-talet (Kjell Hult)<br \/>\nGe kartorna liv! (Sara R\u00f6n\u00e9r Janicke)<br \/>\nNr 4<br \/>\nReportage Felix F\u00e5gelmara<\/p>\n<p><strong>2016 \u00e5rg\u00e5ng 43<\/strong><\/p>\n<p>Nr 1<br \/>\nSmeder i \u00f6stra Blekinge (Roland Andersson)<br \/>\n\u00c4llet (Lennart och Elisabeth Svensson)<br \/>\nUr arkivet m.m.<br \/>\nNr 2<br \/>\nProgram 2016<br \/>\nReportage Horsahallen (H\u00e4sthallen)<\/p>\n<p>Nr 3<br \/>\nFryshusen (Roland Andersson)<br \/>\nPer Augusts k\u00e4llare (Gustav Nilsson)<br \/>\nJ\u00e4ndelskolan ur Ingvar Gustavssons kamera<br \/>\nNr 4<br \/>\nNaturreservatet Steneryds l\u00f6v\u00e4ngar<\/p>\n<p><strong>2015\u00a0 \u00e5rg\u00e5ng 42<\/strong><\/p>\n<p>Nr 1<br \/>\nBilder ur arkivet<br \/>\nCykelns historia p\u00e5 det lokala planet (Roland Andersson)<br \/>\nSteneryd-by och naturreservat (Katarina Olsson)<br \/>\nKr\u00e5kerumskvarn (Erik Johansson)<br \/>\nNr 2<br \/>\nProgram 2015<br \/>\nReportage Torhamns kyrka<\/p>\n<p>Nr 3<br \/>\nValborgsfirandet fick st\u00e4llas in<br \/>\nSkinnknutten p\u00e5 1950-talet (Kjell Hult)<br \/>\nNr 4<br \/>\nReportage Hallarums och Stora Roms naturreservat<\/p>\n<p><strong>2014 \u00e5rg\u00e5ng 41<\/strong><\/p>\n<p>Nr 1<br \/>\nMinnet av en storm (Knut Andersson)<br \/>\nKnut Andersson 1933 \u2013 2013 (Eva M\u00e5rtensson Kangeman)<br \/>\nH\u00f6ga Sand (Katarina Olsson)<br \/>\nOnd br\u00e5d d\u00f6d i Helgarum, J\u00e4mj\u00f6 \u00e5r 1852 (Gustav Sj\u00f6holm)<br \/>\nNr 2<br \/>\nProgram v\u00e5ren 2014<br \/>\nReportage Flakulla Bautasten<\/p>\n<p>Nr 3<br \/>\nFylleriet i Torhamn p\u00e5 1800-talet (Kjell Hult)<br \/>\nKristianopels sockenhus blir f\u00f6rsamlingshem (Roland Andersson)<br \/>\nFestplatser i \u00f6stra Blekinge (Roland Andersson)<br \/>\nNr 4<br \/>\nReportage F\u00e4rskesj\u00f6n<\/p>\n<p><strong>2013 \u00e5rg\u00e5ng 40<\/strong><\/p>\n<p>Nr 1<br \/>\nVallby v\u00e4derkvarn och mj\u00f6lnarefamiljen Hansson, Ingvar Gustavsson<br \/>\nSpannm\u00e5lssk\u00f6rd, Sven-Bertil \u00d6stensson<br \/>\nBetygsfilosofi, Ulla Sj\u00f6berg<br \/>\nNr 2<br \/>\nReportage Tr\u00e4den i Skjutsstationens tr\u00e4dg\u00e5rd<\/p>\n<p>Nr 3<br \/>\nR\u00f6tter i hembygden, Erik Johansson<br \/>\nEtt brev fr\u00e5n Tornby, Ingvar Gustavsson<br \/>\nInventering av dansbanor i \u00f6stra Blekinge, Roland Andersson<br \/>\nNr 4<br \/>\nReportage J\u00e4mj\u00f6 kyrka<br \/>\nReportage v\u00e4stra Sk\u00e4llen\u00e4s runsten<\/p>\n<p><strong>2012 \u00e5rg\u00e5ng 39<\/strong><\/p>\n<p>Nr 1<br \/>\nMinnen fr\u00e5n Ramdala M\u00f6belverkstad, Sven-Erik Olsson<br \/>\nTorhamn p\u00e5 1800-talet, Kjell Hult<em>\u00a0<\/em><br \/>\nFester i \u00e4ldre tider \u2013 del 2, Roland Andersson<br \/>\nNr 2<br \/>\nReportage Sturk\u00f6 kyrka<\/p>\n<p>Nr 3<br \/>\nBarndomsminne \u2013 Julslakten, Kjell Hult<br \/>\nEn resa genom \u00f6stra Blekinge 1869<br \/>\nBr\u00f6msebro, Sven-Bertil \u00d6stensson<br \/>\nNr 4<br \/>\nReportage Tjurk\u00f6 kyrka<\/p>\n<p><strong>2011 \u00e5rg\u00e5ng 38<\/strong><\/p>\n<p>Nr1<br \/>\nMuntlig tradition, Sven-Bertil \u00d6stensson<br \/>\n\u00d6vre T\u00e5ngs skola 1880, Roland Andersson<br \/>\nEn 92-\u00e5ring ber\u00e4ttar, Maj-Rut Gustavsson<br \/>\nNr 2<br \/>\nReportage Ramdala kyrka<\/p>\n<p>Nr 3<br \/>\nSteneryd \u2013 ett historiskt landskap, Bj\u00f6rn E Berglund.<br \/>\nMinnen fr\u00e5n Ramdala Folkskola, Sven-Erik Olsson<br \/>\nFester i \u00e4ldre tider, Roland Andersson<br \/>\nNr 4<br \/>\nReportage Kristianopels kyrka<br \/>\nReportage Avask\u00e4rs kapell<\/p>\n<p><strong>2010 \u00c5rg\u00e5ng 37<\/strong><\/p>\n<p>Nr 1<br \/>\nUtklippans fyr,\u00a0Sten-Erik Lindstr\u00f6m<br \/>\nLanthandlarna i \u00f6stra Blekinge del 1,\u00a0Roland Andersson<br \/>\nH\u00f6gsommar p\u00e5 \u00c5dalsleden,\u00a0dikt av Karin Hartler<br \/>\n40-\u00e5rs jubileum \u2013 V\u00e5ra fasta programpunkter,\u00a0Erik Johansson<br \/>\nNr 2<br \/>\nProgram f\u00f6r 2010<br \/>\nReportage om Kolugnen<\/p>\n<p>Nr 3<br \/>\nLanthandlarna i \u00f6stra Blekinge del 2,\u00a0Roland Andersson<br \/>\n\u201dHilmer p\u00e5 verket\u201d \u2013 en originell personlighet,\u00a0Gustav Nilsson<br \/>\n40-\u00e5rs jubileum \u2013 N\u00e5gra bilder ur \u00d6BH arkiv<br \/>\nNr 4<br \/>\nStore Backe eller Snarket<br \/>\nTorhamns Udde<\/p>\n<p>&nbsp;<\/p>\n","protected":false},"excerpt":{"rendered":"<div class=\"mh-excerpt\"><p>Nedan finns kortfattad inneh\u00e5llsf\u00f6rteckning \u00f6ver de artiklar som varit publicerade i v\u00e5ra medlemsblad. 2018 \u00e5rg\u00e5ng 45 Nr 1 Predikanten Henrik Olssons orgel (Roland Andersson) Presentation av Karin Hildingsson Spo\u0308ket i Ramdala (Katarina Olsson) Farfar var stenrik (Gunnar Torestro\u0308m) Sla\u0308kt + <a class=\"mh-excerpt-more\" href=\"https:\/\/bevaraminnen.se\/obh\/medlemsbladet\/\" title=\"Medlemsbladet\">[&#8230;]<\/a><\/p>\n<\/div>","protected":false},"author":1,"featured_media":2172,"parent":0,"menu_order":0,"comment_status":"closed","ping_status":"closed","template":"","meta":{"footnotes":""},"class_list":["post-255","page","type-page","status-publish","has-post-thumbnail","hentry"],"_links":{"self":[{"href":"https:\/\/bevaraminnen.se\/obh\/wp-json\/wp\/v2\/pages\/255","targetHints":{"allow":["GET"]}}],"collection":[{"href":"https:\/\/bevaraminnen.se\/obh\/wp-json\/wp\/v2\/pages"}],"about":[{"href":"https:\/\/bevaraminnen.se\/obh\/wp-json\/wp\/v2\/types\/page"}],"author":[{"embeddable":true,"href":"https:\/\/bevaraminnen.se\/obh\/wp-json\/wp\/v2\/users\/1"}],"replies":[{"embeddable":true,"href":"https:\/\/bevaraminnen.se\/obh\/wp-json\/wp\/v2\/comments?post=255"}],"version-history":[{"count":9,"href":"https:\/\/bevaraminnen.se\/obh\/wp-json\/wp\/v2\/pages\/255\/revisions"}],"predecessor-version":[{"id":2805,"href":"https:\/\/bevaraminnen.se\/obh\/wp-json\/wp\/v2\/pages\/255\/revisions\/2805"}],"wp:featuredmedia":[{"embeddable":true,"href":"https:\/\/bevaraminnen.se\/obh\/wp-json\/wp\/v2\/media\/2172"}],"wp:attachment":[{"href":"https:\/\/bevaraminnen.se\/obh\/wp-json\/wp\/v2\/media?parent=255"}],"curies":[{"name":"wp","href":"https:\/\/api.w.org\/{rel}","templated":true}]}}