{"id":676,"date":"2019-12-16T20:54:30","date_gmt":"2019-12-16T20:54:30","guid":{"rendered":"http:\/\/bevaraminnen.se\/obh\/?page_id=676"},"modified":"2025-08-21T07:11:32","modified_gmt":"2025-08-21T07:11:32","slug":"ostra-blekinge","status":"publish","type":"page","link":"https:\/\/bevaraminnen.se\/obh\/ostra-blekinge\/","title":{"rendered":"\u00d6stra Blekinge"},"content":{"rendered":"<p><a href=\"http:\/\/bevaraminnen.se\/obh\/wp-content\/uploads\/2019\/12\/ostrahd2.png\"><img loading=\"lazy\" decoding=\"async\" class=\"alignnone size-large wp-image-677\" src=\"http:\/\/bevaraminnen.se\/obh\/wp-content\/uploads\/2019\/12\/ostrahd2-743x1024.png\" alt=\"\" width=\"743\" height=\"1024\" srcset=\"https:\/\/bevaraminnen.se\/obh\/wp-content\/uploads\/2019\/12\/ostrahd2-743x1024.png 743w, https:\/\/bevaraminnen.se\/obh\/wp-content\/uploads\/2019\/12\/ostrahd2-218x300.png 218w, https:\/\/bevaraminnen.se\/obh\/wp-content\/uploads\/2019\/12\/ostrahd2-768x1059.png 768w, https:\/\/bevaraminnen.se\/obh\/wp-content\/uploads\/2019\/12\/ostrahd2-1114x1536.png 1114w, https:\/\/bevaraminnen.se\/obh\/wp-content\/uploads\/2019\/12\/ostrahd2-1486x2048.png 1486w, https:\/\/bevaraminnen.se\/obh\/wp-content\/uploads\/2019\/12\/ostrahd2.png 1766w\" sizes=\"auto, (max-width: 743px) 100vw, 743px\" \/><\/a><\/p>\n<p>\u00d6stra Blekinge hembygdsf\u00f6rening str\u00e4cker sig \u00f6ver de 5 \u00f6stliga socknarna i Blekinge, den \u00f6stra delen av \u00d6stra h\u00e4rad.<\/p>\n<p>H\u00e4r kan du l\u00e4sa mer om lite olika material vi anv\u00e4nder vid v\u00e5rt arbete med v\u00e5r Bygdebandsavdelning f\u00f6r \u00d6stra Blekinge hembygdsf\u00f6rening.<\/p>\n<h3>Information om \u00d6stra H\u00e4rad<\/h3>\n<p>\u00d6stra delen av Blekinge bildar \u00d6stra h\u00e4rad med 10 socknar. V\u00e5r f\u00f6rening omfattar 5(6) av dessa.<\/p>\n<ul>\n<li><a href=\"https:\/\/bevaraminnen.se\/obh\/ostra-blekinge\/torhamn-socken\/\">Torhamn<\/a><\/li>\n<li><a href=\"https:\/\/bevaraminnen.se\/obh\/ostra-blekinge\/kristianopel-socken\/\">Kristianopel<\/a><\/li>\n<li><a href=\"https:\/\/bevaraminnen.se\/obh\/jamjo-socken\/\">J\u00e4mj\u00f6<\/a><\/li>\n<li><a href=\"https:\/\/bevaraminnen.se\/obh\/ostra-blekinge\/ramdala-socken\/\">Ramdala<\/a><\/li>\n<li><a href=\"https:\/\/bevaraminnen.se\/obh\/ostra-blekinge\/sturko-socken\/\">Sturk\u00f6<\/a><br \/>\n(med Tjurk\u00f6 som h\u00f6rt till olika socknar historiskt)<\/li>\n<\/ul>\n<h3>V\u00e5ra skrifter<\/h3>\n<p>Genom f\u00f6reningens historia har \u00e5tskilliga skrifter om omr\u00e5det och olika verksamhetsomr\u00e5dens publicerats och\u00a0finns till salu hos Hembygdsf\u00f6reningen. Dessa h\u00e4mtar vi information ifr\u00e5n f\u00f6r sammanfattningar h\u00e4r p\u00e5 sidan.<\/p>\n<h3>Sveriges bebyggelse och andra bebyggelseverk<\/h3>\n<p>Boken Sveriges bebyggelse (f\u00f6rkortat SveB) fr\u00e5n 1946 \u00e4r en viktig k\u00e4lla f\u00f6r fastighetsbeteckningar och historik generellt. Vi skulle givetvis kunnat l\u00e4gga in allt ur detta praktverk, men vi fokuserar p\u00e5 det dokumentationsarbete f\u00f6reningen genomf\u00f6rt i f\u00f6rsta hand och kompletterar med \u00f6vrig bebyggelselitteratur i m\u00e5n av tid. F\u00f6r g\u00e5rdarna har vi \u00e4ven tillg\u00e5ng till\u00a0Sveriges Gods och Ga\u030ardar (1938), Blekinge La\u0308ns Bebyggelse (1965) och Gods och ga\u030ardar Blekinge (2000)<\/p>\n<h3>Stig i Lomman<\/h3>\n<p>N\u00e4mnv\u00e4rt \u00e4r \u00e4ven Stig Karlssons \u201dStig i Lomman\u201d b\u00f6cker om byar runt Ramdala. Mycket av Stigs material \u00e4r redan inmatat, och ska g\u00e5s igenom och g\u00f6ras tydligare. F\u00f6reningen har f\u00e5tt donerat underlag och original till Stigs utgivna b\u00f6cker samt material till ytterligare bygenomg\u00e5ngar av Stig, som gjorde ett fantastiskt arbete med sin hembygdsforskning, l\u00e5ngt f\u00f6re digitaliserade kyrkb\u00f6cker \u2013 och datorer!<\/p>\n<p>Hejetorp, \u00c5by och S\u00e4by byars historia 1997<br \/>\nG\u00e4ngletorp Thorst\u00e4vas byars historia 2000?<br \/>\nRamdala by, Ramdala mark, B\u00e4ckarebodas historia 2001?<br \/>\nBerntorp, Bj\u00f6rstorp, Tornbys historia 2002<\/p>\n<p>&nbsp;<\/p>\n","protected":false},"excerpt":{"rendered":"<div class=\"mh-excerpt\"><p>\u00d6stra Blekinge hembygdsf\u00f6rening str\u00e4cker sig \u00f6ver de 5 \u00f6stliga socknarna i Blekinge, den \u00f6stra delen av \u00d6stra h\u00e4rad. H\u00e4r kan du l\u00e4sa mer om lite olika material vi anv\u00e4nder vid v\u00e5rt arbete med v\u00e5r Bygdebandsavdelning f\u00f6r \u00d6stra Blekinge hembygdsf\u00f6rening. Information <a class=\"mh-excerpt-more\" href=\"https:\/\/bevaraminnen.se\/obh\/ostra-blekinge\/\" title=\"\u00d6stra Blekinge\">[&#8230;]<\/a><\/p>\n<\/div>","protected":false},"author":1,"featured_media":677,"parent":0,"menu_order":0,"comment_status":"closed","ping_status":"closed","template":"","meta":{"footnotes":""},"class_list":["post-676","page","type-page","status-publish","has-post-thumbnail","hentry"],"_links":{"self":[{"href":"https:\/\/bevaraminnen.se\/obh\/wp-json\/wp\/v2\/pages\/676","targetHints":{"allow":["GET"]}}],"collection":[{"href":"https:\/\/bevaraminnen.se\/obh\/wp-json\/wp\/v2\/pages"}],"about":[{"href":"https:\/\/bevaraminnen.se\/obh\/wp-json\/wp\/v2\/types\/page"}],"author":[{"embeddable":true,"href":"https:\/\/bevaraminnen.se\/obh\/wp-json\/wp\/v2\/users\/1"}],"replies":[{"embeddable":true,"href":"https:\/\/bevaraminnen.se\/obh\/wp-json\/wp\/v2\/comments?post=676"}],"version-history":[{"count":6,"href":"https:\/\/bevaraminnen.se\/obh\/wp-json\/wp\/v2\/pages\/676\/revisions"}],"predecessor-version":[{"id":3011,"href":"https:\/\/bevaraminnen.se\/obh\/wp-json\/wp\/v2\/pages\/676\/revisions\/3011"}],"wp:featuredmedia":[{"embeddable":true,"href":"https:\/\/bevaraminnen.se\/obh\/wp-json\/wp\/v2\/media\/677"}],"wp:attachment":[{"href":"https:\/\/bevaraminnen.se\/obh\/wp-json\/wp\/v2\/media?parent=676"}],"curies":[{"name":"wp","href":"https:\/\/api.w.org\/{rel}","templated":true}]}}